{"id":7068,"date":"2026-03-20T16:43:55","date_gmt":"2026-03-20T19:43:55","guid":{"rendered":"https:\/\/sbrv.org\/medico\/?page_id=7068"},"modified":"2026-03-25T10:56:31","modified_gmt":"2026-03-25T13:56:31","slug":"lista-dos-candidatos-aptos-a-prestarem-a-prova-da-sbrv-em-2026","status":"publish","type":"page","link":"https:\/\/sbrv.org\/medico\/lista-dos-candidatos-aptos-a-prestarem-a-prova-da-sbrv-em-2026\/","title":{"rendered":"Lista dos Candidatos aptos a prestarem a Prova da SBRV em 2026"},"content":{"rendered":"\n<p class=\"u-bloco-mensagem u-bloco-mensagem__primary fs-3\">Confira abaixo a lista dos aptos a prestarem a Prova da SBRV em 2026<\/p>\n\n\n\n<div class=\"wp-block-group u-paragrafo-striped fw-bold\"><div class=\"wp-block-group__inner-container is-layout-constrained wp-block-group-is-layout-constrained\">\n<p>Adriane Mac\u00eado Feitosa<\/p>\n\n\n\n<p>Adriane Katia Faccin<\/p>\n\n\n\n<p>Alan Christian Niemies<\/p>\n\n\n\n<p>Alexandre Augusto Ruschi Neto<\/p>\n\n\n\n<p>Alice Gomes De Almeida<\/p>\n\n\n\n<p>Aline Lemos Barros Martins<\/p>\n\n\n\n<p>Ana Lu\u00edsa Rodrigues Da Silveira<\/p>\n\n\n\n<p>Andre Luiz Bressan Moreira Pereira<\/p>\n\n\n\n<p>Andressa Anklam<\/p>\n\n\n\n<p>Ant\u00f4nio Augusto De Andrade Cunha Filho<\/p>\n\n\n\n<p>B\u00e1rbara Miorim Fonseca Cassago<\/p>\n\n\n\n<p>Bruno Vasconcelos Coimbra<\/p>\n\n\n\n<p>Caio C\u00e9sar Rodrigues Chaves<\/p>\n\n\n\n<p>Carlos Alberto Pinto<\/p>\n\n\n\n<p>Carlos Augusto Seabra Cunha Souza<\/p>\n\n\n\n<p>Caroline Thais Machry Finger<\/p>\n\n\n\n<p>Cinthia Dos Santos De Castro Campo<\/p>\n\n\n\n<p>Ciro Arruda C\u00e2mara Virgolino<\/p>\n\n\n\n<p>Conrado Bhering Santos<\/p>\n\n\n\n<p>Daniel Diniz Chalhoub Coelho Lima<\/p>\n\n\n\n<p>Evelly Christinne Da Silva Moraes<\/p>\n\n\n\n<p>Fabio Marinho Gomes<\/p>\n\n\n\n<p>Felipe Beltr\u00e3o De Medeiros<\/p>\n\n\n\n<p>Felipe May De Liz<\/p>\n\n\n\n<p>Fernando Longhi Bordin<\/p>\n\n\n\n<p>Fran\u00e7uilner Santiago Dos Santos<\/p>\n\n\n\n<p>Frederico Do Carmo Novaes<\/p>\n\n\n\n<p>Gabriel Pinheiro Santos<\/p>\n\n\n\n<p>Gabriela Martins Costa De Andrade<\/p>\n\n\n\n<p>Gabriella Reis De Barros Ribeiro<\/p>\n\n\n\n<p>Guilherme Vieira Peixoto<\/p>\n\n\n\n<p>Hannah Dias Chaves<\/p>\n\n\n\n<p>Isabela Feltrin Romano<\/p>\n\n\n\n<p>Isabela Spinelli Mota<\/p>\n\n\n\n<p>Isabella Cristina Borges Pio<\/p>\n\n\n\n<p>Isabella Felix Quintanilha Yamane<\/p>\n\n\n\n<p>Izabela Aguiar De Faria<\/p>\n\n\n\n<p>J\u00e9ssica Galvan<\/p>\n\n\n\n<p>J\u00e9ssica Venturini Pereira<\/p>\n\n\n\n<p>Jo\u00e3o Paulo Vilela De Oliveira<\/p>\n\n\n\n<p>Jo\u00e3o Victor Cunha Miranda<\/p>\n\n\n\n<p>Joaquim Santiago Dantas Neto<\/p>\n\n\n\n<p>Jonas Eduardo Nunes Franco Neto<\/p>\n\n\n\n<p>Jos\u00e9 Pereira Do Rego Neto<\/p>\n\n\n\n<p>Jos\u00e9 Seabra Alves Neto<\/p>\n\n\n\n<p>Juan Fulgencio Welko Mendoza<\/p>\n\n\n\n<p>Julia Castelan Bastian<\/p>\n\n\n\n<p>J\u00falio Rezende De Andrade<\/p>\n\n\n\n<p>La\u00eds Lauria Neves<\/p>\n\n\n\n<p>Leandro Sala Arruda<\/p>\n\n\n\n<p>Leonardo De Angelli Benedito Cardoso<\/p>\n\n\n\n<p>Let\u00edcia De Souza Oliveira Squillace<\/p>\n\n\n\n<p>Lorena Reimine Guerra<\/p>\n\n\n\n<p>Lucas Do Canto Sousa<\/p>\n\n\n\n<p>Lucas Dos Santos Cavalcante<\/p>\n\n\n\n<p>Lucas Santanna Peres<\/p>\n\n\n\n<p>Luis Felipe Canova Ogliari<\/p>\n\n\n\n<p>Marcela Souza Da Silva<\/p>\n\n\n\n<p>Marcelle Naomi Oshiro Shinzato<\/p>\n\n\n\n<p>Marcelo Aleixo Dos Santos Cordeiro<\/p>\n\n\n\n<p>Marco Aurelio Senff De Moraes<\/p>\n\n\n\n<p>Mariana Calheira Gontijo<\/p>\n\n\n\n<p>Matheus Lopes Da Silva<\/p>\n\n\n\n<p>Matheus Silva De Moraes<\/p>\n\n\n\n<p>Matheus Silva De Paula Rocha<\/p>\n\n\n\n<p>Mateus Queiroz Corr\u00eaa<\/p>\n\n\n\n<p>Murilo Yassuo Misucochi Yui<\/p>\n\n\n\n<p>Nat\u00e1lia Carneiro De Freitas<\/p>\n\n\n\n<p>Rafael Erthal Alves Robbs<\/p>\n\n\n\n<p>Rafael Rodrigues De Mattos<\/p>\n\n\n\n<p>Raphael C\u00e2ndido Sep\u00falveda Coutinho<\/p>\n\n\n\n<p>Raphael Dias Marques Neto<\/p>\n\n\n\n<p>Rebecca Maria Inoc\u00eancio Gab\u00ednio Vilar<\/p>\n\n\n\n<p>Renato Silva Filho<\/p>\n\n\n\n<p>Stefano Blessmann Milano<\/p>\n\n\n\n<p>Suzane Eberhart Ribeiro Da Silva<\/p>\n\n\n\n<p>Victor Amaral Ando<\/p>\n\n\n\n<p>Victor Barbosa Lima<\/p>\n\n\n\n<p>Vinicius Oliveira Pesquero<\/p>\n\n\n\n<p>Vitor Jos\u00e9 Gon\u00e7alves Martins<\/p>\n\n\n\n<p>Thaiane Freitas Naves<\/p>\n\n\n\n<p>Thiago Alves Chagas<\/p>\n<\/div><\/div>\n\n\n\n<p class=\"mt-5\"><a href=\"https:\/\/sbrv.org\/medico\/wp-content\/uploads\/sites\/2\/2026\/03\/LISTA-DOS-CANDIDATOS-APTOS-A-PRESTAREM-PROVA-SBRV-2026.pdf\" type=\"link\" id=\"https:\/\/sbrv.org\/medico\/wp-content\/uploads\/sites\/2\/2026\/03\/LISTA-DOS-CANDIDATOS-APTOS-A-PRESTAREM-PROVA-SBRV-2026.pdf\" target=\"_blank\" rel=\"noreferrer noopener\" class=\"btn btn-primary\">Baixe a lista em PDF<\/a><\/p>\n","protected":false},"excerpt":{"rendered":"<p>Confira abaixo a lista dos aptos a prestarem a Prova da SBRV em 2026 Adriane Mac\u00eado Feitosa Adriane Katia Faccin Alan Christian Niemies Alexandre Augusto Ruschi Neto Alice Gomes De Almeida Aline Lemos Barros Martins Ana Lu\u00edsa Rodrigues Da Silveira Andre Luiz Bressan Moreira Pereira Andressa Anklam Ant\u00f4nio Augusto De Andrade Cunha Filho B\u00e1rbara Miorim [&hellip;]<\/p>\n","protected":false},"author":1,"featured_media":0,"parent":0,"menu_order":0,"comment_status":"closed","ping_status":"closed","template":"","meta":{"_acf_changed":false,"footnotes":""},"class_list":["post-7068","page","type-page","status-publish","hentry"],"acf":[],"yoast_head":"<!-- This site is optimized with the Yoast SEO plugin v27.5 - https:\/\/yoast.com\/product\/yoast-seo-wordpress\/ -->\n<title>Lista dos Candidatos aptos a prestarem a Prova da SBRV em 2026 - SBRV - \u00c1rea do M\u00e9dico<\/title>\n<meta name=\"robots\" content=\"index, follow, max-snippet:-1, max-image-preview:large, max-video-preview:-1\" \/>\n<link rel=\"canonical\" href=\"https:\/\/sbrv.org\/medico\/lista-dos-candidatos-aptos-a-prestarem-a-prova-da-sbrv-em-2026\/\" \/>\n<meta property=\"og:locale\" content=\"pt_BR\" \/>\n<meta property=\"og:type\" content=\"article\" \/>\n<meta property=\"og:title\" content=\"Lista dos Candidatos aptos a prestarem a Prova da SBRV em 2026 - SBRV - \u00c1rea do M\u00e9dico\" \/>\n<meta property=\"og:description\" content=\"Confira abaixo a lista dos aptos a prestarem a Prova da SBRV em 2026 Adriane Mac\u00eado Feitosa Adriane Katia Faccin Alan Christian Niemies Alexandre Augusto Ruschi Neto Alice Gomes De Almeida Aline Lemos Barros Martins Ana Lu\u00edsa Rodrigues Da Silveira Andre Luiz Bressan Moreira Pereira Andressa Anklam Ant\u00f4nio Augusto De Andrade Cunha Filho B\u00e1rbara Miorim [&hellip;]\" \/>\n<meta property=\"og:url\" content=\"https:\/\/sbrv.org\/medico\/lista-dos-candidatos-aptos-a-prestarem-a-prova-da-sbrv-em-2026\/\" \/>\n<meta property=\"og:site_name\" content=\"SBRV - \u00c1rea do M\u00e9dico\" \/>\n<meta property=\"article:publisher\" content=\"https:\/\/pt-br.facebook.com\/sbrv.retina\" \/>\n<meta property=\"article:modified_time\" content=\"2026-03-25T13:56:31+00:00\" \/>\n<meta property=\"og:image\" content=\"https:\/\/sbrv.org\/medico\/wp-content\/uploads\/sites\/2\/2024\/12\/imagem-yoast-seo.png\" \/>\n\t<meta property=\"og:image:width\" content=\"1200\" \/>\n\t<meta property=\"og:image:height\" content=\"675\" \/>\n\t<meta property=\"og:image:type\" content=\"image\/png\" \/>\n<meta name=\"twitter:card\" content=\"summary_large_image\" \/>\n<meta name=\"twitter:site\" content=\"@sbrv_retina\" \/>\n<meta name=\"twitter:label1\" content=\"Est. tempo de leitura\" \/>\n\t<meta name=\"twitter:data1\" content=\"2 minutos\" \/>\n<script type=\"application\/ld+json\" class=\"yoast-schema-graph\">{\"@context\":\"https:\\\/\\\/schema.org\",\"@graph\":[{\"@type\":\"WebPage\",\"@id\":\"https:\\\/\\\/sbrv.org\\\/medico\\\/lista-dos-candidatos-aptos-a-prestarem-a-prova-da-sbrv-em-2026\\\/\",\"url\":\"https:\\\/\\\/sbrv.org\\\/medico\\\/lista-dos-candidatos-aptos-a-prestarem-a-prova-da-sbrv-em-2026\\\/\",\"name\":\"Lista dos Candidatos aptos a prestarem a Prova da SBRV em 2026 - SBRV - \u00c1rea do M\u00e9dico\",\"isPartOf\":{\"@id\":\"https:\\\/\\\/sbrv.org\\\/medico\\\/#website\"},\"datePublished\":\"2026-03-20T19:43:55+00:00\",\"dateModified\":\"2026-03-25T13:56:31+00:00\",\"breadcrumb\":{\"@id\":\"https:\\\/\\\/sbrv.org\\\/medico\\\/lista-dos-candidatos-aptos-a-prestarem-a-prova-da-sbrv-em-2026\\\/#breadcrumb\"},\"inLanguage\":\"pt-BR\",\"potentialAction\":[{\"@type\":\"ReadAction\",\"target\":[\"https:\\\/\\\/sbrv.org\\\/medico\\\/lista-dos-candidatos-aptos-a-prestarem-a-prova-da-sbrv-em-2026\\\/\"]}]},{\"@type\":\"BreadcrumbList\",\"@id\":\"https:\\\/\\\/sbrv.org\\\/medico\\\/lista-dos-candidatos-aptos-a-prestarem-a-prova-da-sbrv-em-2026\\\/#breadcrumb\",\"itemListElement\":[{\"@type\":\"ListItem\",\"position\":1,\"name\":\"Home\",\"item\":\"https:\\\/\\\/sbrv.org\\\/medico\\\/\"},{\"@type\":\"ListItem\",\"position\":2,\"name\":\"Lista dos Candidatos aptos a prestarem a Prova da SBRV em 2026\"}]},{\"@type\":\"WebSite\",\"@id\":\"https:\\\/\\\/sbrv.org\\\/medico\\\/#website\",\"url\":\"https:\\\/\\\/sbrv.org\\\/medico\\\/\",\"name\":\"SBRV - Sociedade Brasileira de Retina e Vitreo - \u00c1rea do M\u00e9dico\",\"description\":\"Portal da Sociedade Brasileira de Retina e Vitreo\",\"publisher\":{\"@id\":\"https:\\\/\\\/sbrv.org\\\/medico\\\/#organization\"},\"alternateName\":\"SBRV\",\"potentialAction\":[{\"@type\":\"SearchAction\",\"target\":{\"@type\":\"EntryPoint\",\"urlTemplate\":\"https:\\\/\\\/sbrv.org\\\/medico\\\/?s={search_term_string}\"},\"query-input\":{\"@type\":\"PropertyValueSpecification\",\"valueRequired\":true,\"valueName\":\"search_term_string\"}}],\"inLanguage\":\"pt-BR\"},{\"@type\":\"Organization\",\"@id\":\"https:\\\/\\\/sbrv.org\\\/medico\\\/#organization\",\"name\":\"SBRV - Sociedade Brasileira de Retina e Vitreo\",\"alternateName\":\"SBRV\",\"url\":\"https:\\\/\\\/sbrv.org\\\/medico\\\/\",\"logo\":{\"@type\":\"ImageObject\",\"inLanguage\":\"pt-BR\",\"@id\":\"https:\\\/\\\/sbrv.org\\\/medico\\\/#\\\/schema\\\/logo\\\/image\\\/\",\"url\":\"https:\\\/\\\/sbrv.org\\\/medico\\\/wp-content\\\/uploads\\\/sites\\\/2\\\/2024\\\/12\\\/thumbnail-default-2.png\",\"contentUrl\":\"https:\\\/\\\/sbrv.org\\\/medico\\\/wp-content\\\/uploads\\\/sites\\\/2\\\/2024\\\/12\\\/thumbnail-default-2.png\",\"width\":600,\"height\":400,\"caption\":\"SBRV - Sociedade Brasileira de Retina e Vitreo\"},\"image\":{\"@id\":\"https:\\\/\\\/sbrv.org\\\/medico\\\/#\\\/schema\\\/logo\\\/image\\\/\"},\"sameAs\":[\"https:\\\/\\\/pt-br.facebook.com\\\/sbrv.retina\",\"https:\\\/\\\/x.com\\\/sbrv_retina\",\"https:\\\/\\\/www.instagram.com\\\/retina.sbrv\\\/\"]}]}<\/script>\n<!-- \/ Yoast SEO plugin. -->","yoast_head_json":{"title":"Lista dos Candidatos aptos a prestarem a Prova da SBRV em 2026 - SBRV - \u00c1rea do M\u00e9dico","robots":{"index":"index","follow":"follow","max-snippet":"max-snippet:-1","max-image-preview":"max-image-preview:large","max-video-preview":"max-video-preview:-1"},"canonical":"https:\/\/sbrv.org\/medico\/lista-dos-candidatos-aptos-a-prestarem-a-prova-da-sbrv-em-2026\/","og_locale":"pt_BR","og_type":"article","og_title":"Lista dos Candidatos aptos a prestarem a Prova da SBRV em 2026 - SBRV - \u00c1rea do M\u00e9dico","og_description":"Confira abaixo a lista dos aptos a prestarem a Prova da SBRV em 2026 Adriane Mac\u00eado Feitosa Adriane Katia Faccin Alan Christian Niemies Alexandre Augusto Ruschi Neto Alice Gomes De Almeida Aline Lemos Barros Martins Ana Lu\u00edsa Rodrigues Da Silveira Andre Luiz Bressan Moreira Pereira Andressa Anklam Ant\u00f4nio Augusto De Andrade Cunha Filho B\u00e1rbara Miorim [&hellip;]","og_url":"https:\/\/sbrv.org\/medico\/lista-dos-candidatos-aptos-a-prestarem-a-prova-da-sbrv-em-2026\/","og_site_name":"SBRV - \u00c1rea do M\u00e9dico","article_publisher":"https:\/\/pt-br.facebook.com\/sbrv.retina","article_modified_time":"2026-03-25T13:56:31+00:00","og_image":[{"width":1200,"height":675,"url":"https:\/\/sbrv.org\/medico\/wp-content\/uploads\/sites\/2\/2024\/12\/imagem-yoast-seo.png","type":"image\/png"}],"twitter_card":"summary_large_image","twitter_site":"@sbrv_retina","twitter_misc":{"Est. tempo de leitura":"2 minutos"},"schema":{"@context":"https:\/\/schema.org","@graph":[{"@type":"WebPage","@id":"https:\/\/sbrv.org\/medico\/lista-dos-candidatos-aptos-a-prestarem-a-prova-da-sbrv-em-2026\/","url":"https:\/\/sbrv.org\/medico\/lista-dos-candidatos-aptos-a-prestarem-a-prova-da-sbrv-em-2026\/","name":"Lista dos Candidatos aptos a prestarem a Prova da SBRV em 2026 - SBRV - \u00c1rea do M\u00e9dico","isPartOf":{"@id":"https:\/\/sbrv.org\/medico\/#website"},"datePublished":"2026-03-20T19:43:55+00:00","dateModified":"2026-03-25T13:56:31+00:00","breadcrumb":{"@id":"https:\/\/sbrv.org\/medico\/lista-dos-candidatos-aptos-a-prestarem-a-prova-da-sbrv-em-2026\/#breadcrumb"},"inLanguage":"pt-BR","potentialAction":[{"@type":"ReadAction","target":["https:\/\/sbrv.org\/medico\/lista-dos-candidatos-aptos-a-prestarem-a-prova-da-sbrv-em-2026\/"]}]},{"@type":"BreadcrumbList","@id":"https:\/\/sbrv.org\/medico\/lista-dos-candidatos-aptos-a-prestarem-a-prova-da-sbrv-em-2026\/#breadcrumb","itemListElement":[{"@type":"ListItem","position":1,"name":"Home","item":"https:\/\/sbrv.org\/medico\/"},{"@type":"ListItem","position":2,"name":"Lista dos Candidatos aptos a prestarem a Prova da SBRV em 2026"}]},{"@type":"WebSite","@id":"https:\/\/sbrv.org\/medico\/#website","url":"https:\/\/sbrv.org\/medico\/","name":"SBRV - Sociedade Brasileira de Retina e Vitreo - \u00c1rea do M\u00e9dico","description":"Portal da Sociedade Brasileira de Retina e Vitreo","publisher":{"@id":"https:\/\/sbrv.org\/medico\/#organization"},"alternateName":"SBRV","potentialAction":[{"@type":"SearchAction","target":{"@type":"EntryPoint","urlTemplate":"https:\/\/sbrv.org\/medico\/?s={search_term_string}"},"query-input":{"@type":"PropertyValueSpecification","valueRequired":true,"valueName":"search_term_string"}}],"inLanguage":"pt-BR"},{"@type":"Organization","@id":"https:\/\/sbrv.org\/medico\/#organization","name":"SBRV - Sociedade Brasileira de Retina e Vitreo","alternateName":"SBRV","url":"https:\/\/sbrv.org\/medico\/","logo":{"@type":"ImageObject","inLanguage":"pt-BR","@id":"https:\/\/sbrv.org\/medico\/#\/schema\/logo\/image\/","url":"https:\/\/sbrv.org\/medico\/wp-content\/uploads\/sites\/2\/2024\/12\/thumbnail-default-2.png","contentUrl":"https:\/\/sbrv.org\/medico\/wp-content\/uploads\/sites\/2\/2024\/12\/thumbnail-default-2.png","width":600,"height":400,"caption":"SBRV - Sociedade Brasileira de Retina e Vitreo"},"image":{"@id":"https:\/\/sbrv.org\/medico\/#\/schema\/logo\/image\/"},"sameAs":["https:\/\/pt-br.facebook.com\/sbrv.retina","https:\/\/x.com\/sbrv_retina","https:\/\/www.instagram.com\/retina.sbrv\/"]}]}},"_links":{"self":[{"href":"https:\/\/sbrv.org\/medico\/wp-json\/wp\/v2\/pages\/7068","targetHints":{"allow":["GET"]}}],"collection":[{"href":"https:\/\/sbrv.org\/medico\/wp-json\/wp\/v2\/pages"}],"about":[{"href":"https:\/\/sbrv.org\/medico\/wp-json\/wp\/v2\/types\/page"}],"author":[{"embeddable":true,"href":"https:\/\/sbrv.org\/medico\/wp-json\/wp\/v2\/users\/1"}],"replies":[{"embeddable":true,"href":"https:\/\/sbrv.org\/medico\/wp-json\/wp\/v2\/comments?post=7068"}],"version-history":[{"count":10,"href":"https:\/\/sbrv.org\/medico\/wp-json\/wp\/v2\/pages\/7068\/revisions"}],"predecessor-version":[{"id":7107,"href":"https:\/\/sbrv.org\/medico\/wp-json\/wp\/v2\/pages\/7068\/revisions\/7107"}],"wp:attachment":[{"href":"https:\/\/sbrv.org\/medico\/wp-json\/wp\/v2\/media?parent=7068"}],"curies":[{"name":"wp","href":"https:\/\/api.w.org\/{rel}","templated":true}]}}